{"id":6980,"date":"2025-09-12T13:20:53","date_gmt":"2025-09-12T13:20:53","guid":{"rendered":"https:\/\/buergergemeinde-balsthal.ch\/?page_id=6980"},"modified":"2025-09-12T13:59:17","modified_gmt":"2025-09-12T13:59:17","slug":"buergertag-2025","status":"publish","type":"page","link":"https:\/\/buergergemeinde-balsthal.ch\/index.php\/buergertag-2025\/","title":{"rendered":"B\u00fcrgertag 2025"},"content":{"rendered":"\t\t<div data-elementor-type=\"wp-page\" data-elementor-id=\"6980\" class=\"elementor elementor-6980\">\n\t\t\t\t<div class=\"elementor-element elementor-element-162bcee1 e-con-full e-flex e-con e-parent\" data-id=\"162bcee1\" data-element_type=\"container\" data-e-type=\"container\">\n\t\t<div class=\"elementor-element elementor-element-4acc7e03 e-con-full e-flex e-con e-child\" data-id=\"4acc7e03\" data-element_type=\"container\" data-e-type=\"container\" data-settings=\"{&quot;background_background&quot;:&quot;classic&quot;}\">\n\t\t<div class=\"elementor-element elementor-element-2644a210 e-con-full e-flex e-con e-child\" data-id=\"2644a210\" data-element_type=\"container\" data-e-type=\"container\">\n\t\t\t\t<div class=\"elementor-element elementor-element-d583e8f elementor-widget elementor-widget-image\" data-id=\"d583e8f\" data-element_type=\"widget\" data-e-type=\"widget\" data-widget_type=\"image.default\">\n\t\t\t\t<div class=\"elementor-widget-container\">\n\t\t\t\t\t\t\t\t\t\t\t\t\t\t\t\t<a href=\"https:\/\/buergergemeinde-balsthal.ch\/\">\n\t\t\t\t\t\t\t<img decoding=\"async\" width=\"300\" height=\"107\" src=\"https:\/\/buergergemeinde-balsthal.ch\/wp-content\/uploads\/2024\/11\/bg_logo_negativ.png\" class=\"attachment-full size-full wp-image-222\" alt=\"\" \/>\t\t\t\t\t\t\t\t<\/a>\n\t\t\t\t\t\t\t\t\t\t\t\t\t\t\t<\/div>\n\t\t\t\t<\/div>\n\t\t\t\t<\/div>\n\t\t<div class=\"elementor-element elementor-element-15eceaf8 e-con-full e-flex e-con e-child\" data-id=\"15eceaf8\" data-element_type=\"container\" data-e-type=\"container\">\n\t\t\t\t<div class=\"elementor-element elementor-element-6e70ecac elementor-widget elementor-widget-ekit-nav-menu\" data-id=\"6e70ecac\" data-element_type=\"widget\" data-e-type=\"widget\" data-widget_type=\"ekit-nav-menu.default\">\n\t\t\t\t<div class=\"elementor-widget-container\">\n\t\t\t\t\t\t\t<nav class=\"ekit-wid-con ekit_menu_responsive_tablet\"\n\t\t\tdata-hamburger-icon=\"\"\n\t\t\tdata-hamburger-icon-type=\"icon\"\n\t\t\tdata-responsive-breakpoint=\"1024\">\n\t\t\t            <button class=\"elementskit-menu-hamburger elementskit-menu-toggler\"  type=\"button\" aria-label=\"hamburger-icon\">\n                                    <span class=\"elementskit-menu-hamburger-icon\"><\/span><span class=\"elementskit-menu-hamburger-icon\"><\/span><span class=\"elementskit-menu-hamburger-icon\"><\/span>\n                            <\/button>\n            <div id=\"ekit-megamenu-hauptmenu\" class=\"elementskit-menu-container elementskit-menu-offcanvas-elements elementskit-navbar-nav-default ekit-nav-menu-one-page- ekit-nav-dropdown-hover\"><ul id=\"menu-hauptmenu\" class=\"elementskit-navbar-nav elementskit-menu-po-right submenu-click-on-icon\"><li id=\"menu-item-7174\" class=\"menu-item menu-item-type-post_type menu-item-object-page menu-item-home menu-item-7174 nav-item elementskit-mobile-builder-content\" data-vertical-menu=750px><a href=\"https:\/\/buergergemeinde-balsthal.ch\/\" class=\"ekit-menu-nav-link\">Homepage<\/a><\/li>\n<li id=\"menu-item-64\" class=\"menu-item menu-item-type-custom menu-item-object-custom menu-item-has-children menu-item-64 nav-item elementskit-dropdown-has relative_position elementskit-dropdown-menu-default_width elementskit-mobile-builder-content\" data-vertical-menu=750px><a href=\"#\" class=\"ekit-menu-nav-link ekit-menu-dropdown-toggle\">Die B\u00fcrgergemeinde<i aria-hidden=\"true\" class=\"icon icon-arrow-point-to-down elementskit-submenu-indicator\"><\/i><\/a>\n<ul class=\"elementskit-dropdown elementskit-submenu-panel\">\n\t<li id=\"menu-item-380\" class=\"menu-item menu-item-type-post_type menu-item-object-page menu-item-380 nav-item elementskit-mobile-builder-content\" data-vertical-menu=750px><a href=\"https:\/\/buergergemeinde-balsthal.ch\/index.php\/das-ist-die-bg-balsthal\/\" class=\" dropdown-item\">Das ist die BG Balsthal<\/a>\t<li id=\"menu-item-381\" class=\"menu-item menu-item-type-post_type menu-item-object-page menu-item-381 nav-item elementskit-mobile-builder-content\" data-vertical-menu=750px><a href=\"https:\/\/buergergemeinde-balsthal.ch\/index.php\/komissionen-und-mitglieder\/\" class=\" dropdown-item\">Mitglieder &#038; Kommissionen<\/a>\t<li id=\"menu-item-379\" class=\"menu-item menu-item-type-post_type menu-item-object-page menu-item-379 nav-item elementskit-mobile-builder-content\" data-vertical-menu=750px><a href=\"https:\/\/buergergemeinde-balsthal.ch\/index.php\/buergerwesen\/\" class=\" dropdown-item\">B\u00fcrgerwesen<\/a>\t<li id=\"menu-item-272\" class=\"menu-item menu-item-type-post_type menu-item-object-page menu-item-272 nav-item elementskit-mobile-builder-content\" data-vertical-menu=750px><a href=\"https:\/\/buergergemeinde-balsthal.ch\/index.php\/einbuergerung\/\" class=\" dropdown-item\">Einb\u00fcrgerung<\/a>\t<li id=\"menu-item-539\" class=\"menu-item menu-item-type-post_type menu-item-object-page menu-item-539 nav-item elementskit-mobile-builder-content\" data-vertical-menu=750px><a href=\"https:\/\/buergergemeinde-balsthal.ch\/index.php\/gueter-eigentum\/\" class=\" dropdown-item\">G\u00fcter &#038; Eigentum<\/a>\t<li id=\"menu-item-388\" class=\"menu-item menu-item-type-post_type menu-item-object-page menu-item-388 nav-item elementskit-mobile-builder-content\" data-vertical-menu=750px><a href=\"https:\/\/buergergemeinde-balsthal.ch\/index.php\/buergerhaus\/\" class=\" dropdown-item\">B\u00fcrgerhaus<\/a>\t<li id=\"menu-item-382\" class=\"menu-item menu-item-type-post_type menu-item-object-page menu-item-382 nav-item elementskit-mobile-builder-content\" data-vertical-menu=750px><a href=\"https:\/\/buergergemeinde-balsthal.ch\/index.php\/mfh-oberfeld\/\" class=\" dropdown-item\">MFH Oberfeld<\/a><\/ul>\n<\/li>\n<li id=\"menu-item-66\" class=\"menu-item menu-item-type-custom menu-item-object-custom menu-item-has-children menu-item-66 nav-item elementskit-dropdown-has relative_position elementskit-dropdown-menu-default_width elementskit-mobile-builder-content\" data-vertical-menu=750px><a href=\"#\" class=\"ekit-menu-nav-link ekit-menu-dropdown-toggle\">Dienstleistungen<i aria-hidden=\"true\" class=\"icon icon-arrow-point-to-down elementskit-submenu-indicator\"><\/i><\/a>\n<ul class=\"elementskit-dropdown elementskit-submenu-panel\">\n\t<li id=\"menu-item-376\" class=\"menu-item menu-item-type-post_type menu-item-object-page menu-item-376 nav-item elementskit-mobile-builder-content\" data-vertical-menu=750px><a href=\"https:\/\/buergergemeinde-balsthal.ch\/index.php\/vermietungen\/\" class=\" dropdown-item\">Vermietungen<\/a>\t<li id=\"menu-item-387\" class=\"menu-item menu-item-type-post_type menu-item-object-page menu-item-387 nav-item elementskit-mobile-builder-content\" data-vertical-menu=750px><a href=\"https:\/\/buergergemeinde-balsthal.ch\/index.php\/downloads\/\" class=\" dropdown-item\">Downloads<\/a>\t<li id=\"menu-item-6473\" class=\"menu-item menu-item-type-post_type menu-item-object-page menu-item-6473 nav-item elementskit-mobile-builder-content\" data-vertical-menu=750px><a href=\"https:\/\/buergergemeinde-balsthal.ch\/index.php\/bilder-chronik\/\" class=\" dropdown-item\">Bilder Chronik<\/a>\t<li id=\"menu-item-394\" class=\"menu-item menu-item-type-post_type menu-item-object-page menu-item-394 nav-item elementskit-mobile-builder-content\" data-vertical-menu=750px><a href=\"https:\/\/buergergemeinde-balsthal.ch\/index.php\/publikationen\/\" class=\" dropdown-item\">Publikationen<\/a><\/ul>\n<\/li>\n<li id=\"menu-item-536\" class=\"menu-item menu-item-type-post_type menu-item-object-page menu-item-536 nav-item elementskit-mobile-builder-content\" data-vertical-menu=750px><a href=\"https:\/\/buergergemeinde-balsthal.ch\/index.php\/allmend-und-forst\/\" class=\"ekit-menu-nav-link\">Allmend &#038; Forst<\/a><\/li>\n<li id=\"menu-item-5555\" class=\"menu-item menu-item-type-post_type menu-item-object-page menu-item-5555 nav-item elementskit-mobile-builder-content\" data-vertical-menu=750px><a href=\"https:\/\/buergergemeinde-balsthal.ch\/index.php\/kontaktformular\/\" class=\"ekit-menu-nav-link\">Kontakt<\/a><\/li>\n<\/ul><div class=\"elementskit-nav-identity-panel\"><a class=\"elementskit-nav-logo\" href=\"https:\/\/buergergemeinde-balsthal.ch\" target=\"\" rel=\"\"><img src=\"https:\/\/buergergemeinde-balsthal.ch\/wp-content\/uploads\/2024\/11\/placeholder-661-1.png\" title=\"placeholder-661-1.png\" alt=\"placeholder-661-1.png\" decoding=\"async\" \/><\/a><button class=\"elementskit-menu-close elementskit-menu-toggler\" type=\"button\">X<\/button><\/div><\/div>\n\t\t\t<div class=\"elementskit-menu-overlay elementskit-menu-offcanvas-elements elementskit-menu-toggler ekit-nav-menu--overlay\"><\/div>        <\/nav>\n\t\t\t\t\t\t<\/div>\n\t\t\t\t<\/div>\n\t\t\t\t<\/div>\n\t\t\t\t<\/div>\n\t\t\t\t<\/div>\n\t\t<div class=\"elementor-element elementor-element-a20cb24 e-flex e-con-boxed e-con e-parent\" data-id=\"a20cb24\" data-element_type=\"container\" data-e-type=\"container\">\n\t\t\t\t\t<div class=\"e-con-inner\">\n\t\t\t\t<div class=\"elementor-element elementor-element-5d50d80 elementor-widget elementor-widget-heading\" data-id=\"5d50d80\" data-element_type=\"widget\" data-e-type=\"widget\" data-widget_type=\"heading.default\">\n\t\t\t\t<div class=\"elementor-widget-container\">\n\t\t\t\t\t<h2 class=\"elementor-heading-title elementor-size-default\">FOTOS B\u00dcRGERTAG 2025<\/h2>\t\t\t\t<\/div>\n\t\t\t\t<\/div>\n\t\t\t\t<div class=\"elementor-element elementor-element-f19a8cd elementor-widget-divider--view-line elementor-widget elementor-widget-divider\" data-id=\"f19a8cd\" data-element_type=\"widget\" data-e-type=\"widget\" data-widget_type=\"divider.default\">\n\t\t\t\t<div class=\"elementor-widget-container\">\n\t\t\t\t\t\t\t<div class=\"elementor-divider\">\n\t\t\t<span class=\"elementor-divider-separator\">\n\t\t\t\t\t\t<\/span>\n\t\t<\/div>\n\t\t\t\t\t\t<\/div>\n\t\t\t\t<\/div>\n\t\t\t\t\t<\/div>\n\t\t\t\t<\/div>\n\t\t<div class=\"elementor-element elementor-element-0f45d5d e-flex e-con-boxed e-con e-parent\" data-id=\"0f45d5d\" data-element_type=\"container\" data-e-type=\"container\">\n\t\t\t\t\t<div class=\"e-con-inner\">\n\t\t\t\t<div class=\"elementor-element elementor-element-ec579c6 gallery-spacing-custom elementor-widget elementor-widget-image-gallery\" data-id=\"ec579c6\" data-element_type=\"widget\" data-e-type=\"widget\" data-widget_type=\"image-gallery.default\">\n\t\t\t\t<div class=\"elementor-widget-container\">\n\t\t\t\t\t\t\t<div class=\"elementor-image-gallery\">\n\t\t\t<div id='gallery-1' class='gallery galleryid-6980 gallery-columns-7 gallery-size-thumbnail'><figure class='gallery-item'>\n\t\t\t<div class='gallery-icon landscape'>\n\t\t\t\t<a data-elementor-open-lightbox=\"yes\" data-elementor-lightbox-slideshow=\"ec579c6\" data-elementor-lightbox-title=\"b\u00fcrgertag_fotos_2025\" data-e-action-hash=\"#elementor-action%3Aaction%3Dlightbox%26settings%3DeyJpZCI6Njk3NiwidXJsIjoiaHR0cHM6XC9cL2J1ZXJnZXJnZW1laW5kZS1iYWxzdGhhbC5jaFwvd3AtY29udGVudFwvdXBsb2Fkc1wvMjAyNVwvMDlcL2J1ZXJnZXJ0YWdfZm90b3NfMjAyNS5qcGciLCJzbGlkZXNob3ciOiJlYzU3OWM2In0%3D\" href='https:\/\/buergergemeinde-balsthal.ch\/wp-content\/uploads\/2025\/09\/buergertag_fotos_2025.jpg'><img decoding=\"async\" width=\"150\" height=\"150\" src=\"https:\/\/buergergemeinde-balsthal.ch\/wp-content\/uploads\/2025\/09\/buergertag_fotos_2025-150x150.jpg\" class=\"attachment-thumbnail size-thumbnail\" alt=\"\" \/><\/a>\n\t\t\t<\/div><\/figure><figure class='gallery-item'>\n\t\t\t<div class='gallery-icon portrait'>\n\t\t\t\t<a data-elementor-open-lightbox=\"yes\" data-elementor-lightbox-slideshow=\"ec579c6\" data-elementor-lightbox-title=\"IMG-20250912-WA0034\" data-e-action-hash=\"#elementor-action%3Aaction%3Dlightbox%26settings%3DeyJpZCI6Njk3MSwidXJsIjoiaHR0cHM6XC9cL2J1ZXJnZXJnZW1laW5kZS1iYWxzdGhhbC5jaFwvd3AtY29udGVudFwvdXBsb2Fkc1wvMjAyNVwvMDlcL0lNRy0yMDI1MDkxMi1XQTAwMzQuanBnIiwic2xpZGVzaG93IjoiZWM1NzljNiJ9\" href='https:\/\/buergergemeinde-balsthal.ch\/wp-content\/uploads\/2025\/09\/IMG-20250912-WA0034.jpg'><img decoding=\"async\" width=\"150\" height=\"150\" src=\"https:\/\/buergergemeinde-balsthal.ch\/wp-content\/uploads\/2025\/09\/IMG-20250912-WA0034-150x150.jpg\" class=\"attachment-thumbnail size-thumbnail\" alt=\"\" \/><\/a>\n\t\t\t<\/div><\/figure><figure class='gallery-item'>\n\t\t\t<div class='gallery-icon portrait'>\n\t\t\t\t<a data-elementor-open-lightbox=\"yes\" data-elementor-lightbox-slideshow=\"ec579c6\" data-elementor-lightbox-title=\"IMG-20250912-WA0033\" data-e-action-hash=\"#elementor-action%3Aaction%3Dlightbox%26settings%3DeyJpZCI6Njk3MCwidXJsIjoiaHR0cHM6XC9cL2J1ZXJnZXJnZW1laW5kZS1iYWxzdGhhbC5jaFwvd3AtY29udGVudFwvdXBsb2Fkc1wvMjAyNVwvMDlcL0lNRy0yMDI1MDkxMi1XQTAwMzMuanBnIiwic2xpZGVzaG93IjoiZWM1NzljNiJ9\" href='https:\/\/buergergemeinde-balsthal.ch\/wp-content\/uploads\/2025\/09\/IMG-20250912-WA0033.jpg'><img loading=\"lazy\" decoding=\"async\" width=\"150\" height=\"150\" src=\"https:\/\/buergergemeinde-balsthal.ch\/wp-content\/uploads\/2025\/09\/IMG-20250912-WA0033-150x150.jpg\" class=\"attachment-thumbnail size-thumbnail\" alt=\"\" \/><\/a>\n\t\t\t<\/div><\/figure><figure class='gallery-item'>\n\t\t\t<div class='gallery-icon landscape'>\n\t\t\t\t<a data-elementor-open-lightbox=\"yes\" data-elementor-lightbox-slideshow=\"ec579c6\" data-elementor-lightbox-title=\"IMG-20250912-WA0032\" data-e-action-hash=\"#elementor-action%3Aaction%3Dlightbox%26settings%3DeyJpZCI6Njk2OSwidXJsIjoiaHR0cHM6XC9cL2J1ZXJnZXJnZW1laW5kZS1iYWxzdGhhbC5jaFwvd3AtY29udGVudFwvdXBsb2Fkc1wvMjAyNVwvMDlcL0lNRy0yMDI1MDkxMi1XQTAwMzIuanBnIiwic2xpZGVzaG93IjoiZWM1NzljNiJ9\" href='https:\/\/buergergemeinde-balsthal.ch\/wp-content\/uploads\/2025\/09\/IMG-20250912-WA0032.jpg'><img loading=\"lazy\" decoding=\"async\" width=\"150\" height=\"150\" src=\"https:\/\/buergergemeinde-balsthal.ch\/wp-content\/uploads\/2025\/09\/IMG-20250912-WA0032-150x150.jpg\" class=\"attachment-thumbnail size-thumbnail\" alt=\"\" \/><\/a>\n\t\t\t<\/div><\/figure><figure class='gallery-item'>\n\t\t\t<div class='gallery-icon portrait'>\n\t\t\t\t<a data-elementor-open-lightbox=\"yes\" data-elementor-lightbox-slideshow=\"ec579c6\" data-elementor-lightbox-title=\"IMG-20250912-WA0031\" data-e-action-hash=\"#elementor-action%3Aaction%3Dlightbox%26settings%3DeyJpZCI6Njk2OCwidXJsIjoiaHR0cHM6XC9cL2J1ZXJnZXJnZW1laW5kZS1iYWxzdGhhbC5jaFwvd3AtY29udGVudFwvdXBsb2Fkc1wvMjAyNVwvMDlcL0lNRy0yMDI1MDkxMi1XQTAwMzEuanBnIiwic2xpZGVzaG93IjoiZWM1NzljNiJ9\" href='https:\/\/buergergemeinde-balsthal.ch\/wp-content\/uploads\/2025\/09\/IMG-20250912-WA0031.jpg'><img loading=\"lazy\" decoding=\"async\" width=\"150\" height=\"150\" src=\"https:\/\/buergergemeinde-balsthal.ch\/wp-content\/uploads\/2025\/09\/IMG-20250912-WA0031-150x150.jpg\" class=\"attachment-thumbnail size-thumbnail\" alt=\"\" \/><\/a>\n\t\t\t<\/div><\/figure><figure class='gallery-item'>\n\t\t\t<div class='gallery-icon portrait'>\n\t\t\t\t<a data-elementor-open-lightbox=\"yes\" data-elementor-lightbox-slideshow=\"ec579c6\" data-elementor-lightbox-title=\"IMG-20250912-WA0030\" data-e-action-hash=\"#elementor-action%3Aaction%3Dlightbox%26settings%3DeyJpZCI6Njk2NywidXJsIjoiaHR0cHM6XC9cL2J1ZXJnZXJnZW1laW5kZS1iYWxzdGhhbC5jaFwvd3AtY29udGVudFwvdXBsb2Fkc1wvMjAyNVwvMDlcL0lNRy0yMDI1MDkxMi1XQTAwMzAuanBnIiwic2xpZGVzaG93IjoiZWM1NzljNiJ9\" href='https:\/\/buergergemeinde-balsthal.ch\/wp-content\/uploads\/2025\/09\/IMG-20250912-WA0030.jpg'><img loading=\"lazy\" decoding=\"async\" width=\"150\" height=\"150\" src=\"https:\/\/buergergemeinde-balsthal.ch\/wp-content\/uploads\/2025\/09\/IMG-20250912-WA0030-150x150.jpg\" class=\"attachment-thumbnail size-thumbnail\" alt=\"\" \/><\/a>\n\t\t\t<\/div><\/figure><figure class='gallery-item'>\n\t\t\t<div class='gallery-icon landscape'>\n\t\t\t\t<a data-elementor-open-lightbox=\"yes\" data-elementor-lightbox-slideshow=\"ec579c6\" data-elementor-lightbox-title=\"IMG-20250912-WA0029\" data-e-action-hash=\"#elementor-action%3Aaction%3Dlightbox%26settings%3DeyJpZCI6Njk2NiwidXJsIjoiaHR0cHM6XC9cL2J1ZXJnZXJnZW1laW5kZS1iYWxzdGhhbC5jaFwvd3AtY29udGVudFwvdXBsb2Fkc1wvMjAyNVwvMDlcL0lNRy0yMDI1MDkxMi1XQTAwMjkuanBnIiwic2xpZGVzaG93IjoiZWM1NzljNiJ9\" href='https:\/\/buergergemeinde-balsthal.ch\/wp-content\/uploads\/2025\/09\/IMG-20250912-WA0029.jpg'><img loading=\"lazy\" decoding=\"async\" width=\"150\" height=\"150\" src=\"https:\/\/buergergemeinde-balsthal.ch\/wp-content\/uploads\/2025\/09\/IMG-20250912-WA0029-150x150.jpg\" class=\"attachment-thumbnail size-thumbnail\" alt=\"\" \/><\/a>\n\t\t\t<\/div><\/figure><figure class='gallery-item'>\n\t\t\t<div class='gallery-icon landscape'>\n\t\t\t\t<a data-elementor-open-lightbox=\"yes\" data-elementor-lightbox-slideshow=\"ec579c6\" data-elementor-lightbox-title=\"IMG-20250912-WA0028\" data-e-action-hash=\"#elementor-action%3Aaction%3Dlightbox%26settings%3DeyJpZCI6Njk2NSwidXJsIjoiaHR0cHM6XC9cL2J1ZXJnZXJnZW1laW5kZS1iYWxzdGhhbC5jaFwvd3AtY29udGVudFwvdXBsb2Fkc1wvMjAyNVwvMDlcL0lNRy0yMDI1MDkxMi1XQTAwMjguanBnIiwic2xpZGVzaG93IjoiZWM1NzljNiJ9\" href='https:\/\/buergergemeinde-balsthal.ch\/wp-content\/uploads\/2025\/09\/IMG-20250912-WA0028.jpg'><img loading=\"lazy\" decoding=\"async\" width=\"150\" height=\"150\" src=\"https:\/\/buergergemeinde-balsthal.ch\/wp-content\/uploads\/2025\/09\/IMG-20250912-WA0028-150x150.jpg\" class=\"attachment-thumbnail size-thumbnail\" alt=\"\" \/><\/a>\n\t\t\t<\/div><\/figure><figure class='gallery-item'>\n\t\t\t<div class='gallery-icon portrait'>\n\t\t\t\t<a data-elementor-open-lightbox=\"yes\" data-elementor-lightbox-slideshow=\"ec579c6\" data-elementor-lightbox-title=\"IMG-20250912-WA0027\" data-e-action-hash=\"#elementor-action%3Aaction%3Dlightbox%26settings%3DeyJpZCI6Njk2NCwidXJsIjoiaHR0cHM6XC9cL2J1ZXJnZXJnZW1laW5kZS1iYWxzdGhhbC5jaFwvd3AtY29udGVudFwvdXBsb2Fkc1wvMjAyNVwvMDlcL0lNRy0yMDI1MDkxMi1XQTAwMjcuanBnIiwic2xpZGVzaG93IjoiZWM1NzljNiJ9\" href='https:\/\/buergergemeinde-balsthal.ch\/wp-content\/uploads\/2025\/09\/IMG-20250912-WA0027.jpg'><img loading=\"lazy\" decoding=\"async\" width=\"150\" height=\"150\" src=\"https:\/\/buergergemeinde-balsthal.ch\/wp-content\/uploads\/2025\/09\/IMG-20250912-WA0027-150x150.jpg\" class=\"attachment-thumbnail size-thumbnail\" alt=\"\" \/><\/a>\n\t\t\t<\/div><\/figure><figure class='gallery-item'>\n\t\t\t<div class='gallery-icon landscape'>\n\t\t\t\t<a data-elementor-open-lightbox=\"yes\" data-elementor-lightbox-slideshow=\"ec579c6\" data-elementor-lightbox-title=\"IMG-20250912-WA0026\" data-e-action-hash=\"#elementor-action%3Aaction%3Dlightbox%26settings%3DeyJpZCI6Njk2MywidXJsIjoiaHR0cHM6XC9cL2J1ZXJnZXJnZW1laW5kZS1iYWxzdGhhbC5jaFwvd3AtY29udGVudFwvdXBsb2Fkc1wvMjAyNVwvMDlcL0lNRy0yMDI1MDkxMi1XQTAwMjYuanBnIiwic2xpZGVzaG93IjoiZWM1NzljNiJ9\" href='https:\/\/buergergemeinde-balsthal.ch\/wp-content\/uploads\/2025\/09\/IMG-20250912-WA0026.jpg'><img loading=\"lazy\" decoding=\"async\" width=\"150\" height=\"150\" src=\"https:\/\/buergergemeinde-balsthal.ch\/wp-content\/uploads\/2025\/09\/IMG-20250912-WA0026-150x150.jpg\" class=\"attachment-thumbnail size-thumbnail\" alt=\"\" \/><\/a>\n\t\t\t<\/div><\/figure><figure class='gallery-item'>\n\t\t\t<div class='gallery-icon landscape'>\n\t\t\t\t<a data-elementor-open-lightbox=\"yes\" data-elementor-lightbox-slideshow=\"ec579c6\" data-elementor-lightbox-title=\"IMG-20250912-WA0025\" data-e-action-hash=\"#elementor-action%3Aaction%3Dlightbox%26settings%3DeyJpZCI6Njk2MiwidXJsIjoiaHR0cHM6XC9cL2J1ZXJnZXJnZW1laW5kZS1iYWxzdGhhbC5jaFwvd3AtY29udGVudFwvdXBsb2Fkc1wvMjAyNVwvMDlcL0lNRy0yMDI1MDkxMi1XQTAwMjUuanBnIiwic2xpZGVzaG93IjoiZWM1NzljNiJ9\" href='https:\/\/buergergemeinde-balsthal.ch\/wp-content\/uploads\/2025\/09\/IMG-20250912-WA0025.jpg'><img loading=\"lazy\" decoding=\"async\" width=\"150\" height=\"150\" src=\"https:\/\/buergergemeinde-balsthal.ch\/wp-content\/uploads\/2025\/09\/IMG-20250912-WA0025-150x150.jpg\" class=\"attachment-thumbnail size-thumbnail\" alt=\"\" \/><\/a>\n\t\t\t<\/div><\/figure><figure class='gallery-item'>\n\t\t\t<div class='gallery-icon landscape'>\n\t\t\t\t<a data-elementor-open-lightbox=\"yes\" data-elementor-lightbox-slideshow=\"ec579c6\" data-elementor-lightbox-title=\"IMG-20250912-WA0024\" data-e-action-hash=\"#elementor-action%3Aaction%3Dlightbox%26settings%3DeyJpZCI6Njk2MSwidXJsIjoiaHR0cHM6XC9cL2J1ZXJnZXJnZW1laW5kZS1iYWxzdGhhbC5jaFwvd3AtY29udGVudFwvdXBsb2Fkc1wvMjAyNVwvMDlcL0lNRy0yMDI1MDkxMi1XQTAwMjQuanBnIiwic2xpZGVzaG93IjoiZWM1NzljNiJ9\" href='https:\/\/buergergemeinde-balsthal.ch\/wp-content\/uploads\/2025\/09\/IMG-20250912-WA0024.jpg'><img loading=\"lazy\" decoding=\"async\" width=\"150\" height=\"150\" src=\"https:\/\/buergergemeinde-balsthal.ch\/wp-content\/uploads\/2025\/09\/IMG-20250912-WA0024-150x150.jpg\" class=\"attachment-thumbnail size-thumbnail\" alt=\"\" \/><\/a>\n\t\t\t<\/div><\/figure><figure class='gallery-item'>\n\t\t\t<div class='gallery-icon landscape'>\n\t\t\t\t<a data-elementor-open-lightbox=\"yes\" data-elementor-lightbox-slideshow=\"ec579c6\" data-elementor-lightbox-title=\"IMG-20250912-WA0023\" data-e-action-hash=\"#elementor-action%3Aaction%3Dlightbox%26settings%3DeyJpZCI6Njk2MCwidXJsIjoiaHR0cHM6XC9cL2J1ZXJnZXJnZW1laW5kZS1iYWxzdGhhbC5jaFwvd3AtY29udGVudFwvdXBsb2Fkc1wvMjAyNVwvMDlcL0lNRy0yMDI1MDkxMi1XQTAwMjMuanBnIiwic2xpZGVzaG93IjoiZWM1NzljNiJ9\" href='https:\/\/buergergemeinde-balsthal.ch\/wp-content\/uploads\/2025\/09\/IMG-20250912-WA0023.jpg'><img loading=\"lazy\" decoding=\"async\" width=\"150\" height=\"150\" src=\"https:\/\/buergergemeinde-balsthal.ch\/wp-content\/uploads\/2025\/09\/IMG-20250912-WA0023-150x150.jpg\" class=\"attachment-thumbnail size-thumbnail\" alt=\"\" \/><\/a>\n\t\t\t<\/div><\/figure><figure class='gallery-item'>\n\t\t\t<div class='gallery-icon portrait'>\n\t\t\t\t<a data-elementor-open-lightbox=\"yes\" data-elementor-lightbox-slideshow=\"ec579c6\" data-elementor-lightbox-title=\"IMG-20250912-WA0022\" data-e-action-hash=\"#elementor-action%3Aaction%3Dlightbox%26settings%3DeyJpZCI6Njk1OSwidXJsIjoiaHR0cHM6XC9cL2J1ZXJnZXJnZW1laW5kZS1iYWxzdGhhbC5jaFwvd3AtY29udGVudFwvdXBsb2Fkc1wvMjAyNVwvMDlcL0lNRy0yMDI1MDkxMi1XQTAwMjIuanBnIiwic2xpZGVzaG93IjoiZWM1NzljNiJ9\" href='https:\/\/buergergemeinde-balsthal.ch\/wp-content\/uploads\/2025\/09\/IMG-20250912-WA0022.jpg'><img loading=\"lazy\" decoding=\"async\" width=\"150\" height=\"150\" src=\"https:\/\/buergergemeinde-balsthal.ch\/wp-content\/uploads\/2025\/09\/IMG-20250912-WA0022-150x150.jpg\" class=\"attachment-thumbnail size-thumbnail\" alt=\"\" \/><\/a>\n\t\t\t<\/div><\/figure><figure class='gallery-item'>\n\t\t\t<div class='gallery-icon landscape'>\n\t\t\t\t<a data-elementor-open-lightbox=\"yes\" data-elementor-lightbox-slideshow=\"ec579c6\" data-elementor-lightbox-title=\"IMG-20250912-WA0021\" data-e-action-hash=\"#elementor-action%3Aaction%3Dlightbox%26settings%3DeyJpZCI6Njk1OCwidXJsIjoiaHR0cHM6XC9cL2J1ZXJnZXJnZW1laW5kZS1iYWxzdGhhbC5jaFwvd3AtY29udGVudFwvdXBsb2Fkc1wvMjAyNVwvMDlcL0lNRy0yMDI1MDkxMi1XQTAwMjEuanBnIiwic2xpZGVzaG93IjoiZWM1NzljNiJ9\" href='https:\/\/buergergemeinde-balsthal.ch\/wp-content\/uploads\/2025\/09\/IMG-20250912-WA0021.jpg'><img loading=\"lazy\" decoding=\"async\" width=\"150\" height=\"150\" src=\"https:\/\/buergergemeinde-balsthal.ch\/wp-content\/uploads\/2025\/09\/IMG-20250912-WA0021-150x150.jpg\" class=\"attachment-thumbnail size-thumbnail\" alt=\"\" \/><\/a>\n\t\t\t<\/div><\/figure><figure class='gallery-item'>\n\t\t\t<div class='gallery-icon landscape'>\n\t\t\t\t<a data-elementor-open-lightbox=\"yes\" data-elementor-lightbox-slideshow=\"ec579c6\" data-elementor-lightbox-title=\"IMG-20250912-WA0020\" data-e-action-hash=\"#elementor-action%3Aaction%3Dlightbox%26settings%3DeyJpZCI6Njk1NywidXJsIjoiaHR0cHM6XC9cL2J1ZXJnZXJnZW1laW5kZS1iYWxzdGhhbC5jaFwvd3AtY29udGVudFwvdXBsb2Fkc1wvMjAyNVwvMDlcL0lNRy0yMDI1MDkxMi1XQTAwMjAuanBnIiwic2xpZGVzaG93IjoiZWM1NzljNiJ9\" href='https:\/\/buergergemeinde-balsthal.ch\/wp-content\/uploads\/2025\/09\/IMG-20250912-WA0020.jpg'><img loading=\"lazy\" decoding=\"async\" width=\"150\" height=\"150\" src=\"https:\/\/buergergemeinde-balsthal.ch\/wp-content\/uploads\/2025\/09\/IMG-20250912-WA0020-150x150.jpg\" class=\"attachment-thumbnail size-thumbnail\" alt=\"\" \/><\/a>\n\t\t\t<\/div><\/figure><figure class='gallery-item'>\n\t\t\t<div class='gallery-icon portrait'>\n\t\t\t\t<a data-elementor-open-lightbox=\"yes\" data-elementor-lightbox-slideshow=\"ec579c6\" data-elementor-lightbox-title=\"IMG-20250912-WA0019\" data-e-action-hash=\"#elementor-action%3Aaction%3Dlightbox%26settings%3DeyJpZCI6Njk1NiwidXJsIjoiaHR0cHM6XC9cL2J1ZXJnZXJnZW1laW5kZS1iYWxzdGhhbC5jaFwvd3AtY29udGVudFwvdXBsb2Fkc1wvMjAyNVwvMDlcL0lNRy0yMDI1MDkxMi1XQTAwMTkuanBnIiwic2xpZGVzaG93IjoiZWM1NzljNiJ9\" href='https:\/\/buergergemeinde-balsthal.ch\/wp-content\/uploads\/2025\/09\/IMG-20250912-WA0019.jpg'><img loading=\"lazy\" decoding=\"async\" width=\"150\" height=\"150\" src=\"https:\/\/buergergemeinde-balsthal.ch\/wp-content\/uploads\/2025\/09\/IMG-20250912-WA0019-150x150.jpg\" class=\"attachment-thumbnail size-thumbnail\" alt=\"\" \/><\/a>\n\t\t\t<\/div><\/figure><figure class='gallery-item'>\n\t\t\t<div class='gallery-icon portrait'>\n\t\t\t\t<a data-elementor-open-lightbox=\"yes\" data-elementor-lightbox-slideshow=\"ec579c6\" data-elementor-lightbox-title=\"IMG-20250912-WA0018\" data-e-action-hash=\"#elementor-action%3Aaction%3Dlightbox%26settings%3DeyJpZCI6Njk1NSwidXJsIjoiaHR0cHM6XC9cL2J1ZXJnZXJnZW1laW5kZS1iYWxzdGhhbC5jaFwvd3AtY29udGVudFwvdXBsb2Fkc1wvMjAyNVwvMDlcL0lNRy0yMDI1MDkxMi1XQTAwMTguanBnIiwic2xpZGVzaG93IjoiZWM1NzljNiJ9\" href='https:\/\/buergergemeinde-balsthal.ch\/wp-content\/uploads\/2025\/09\/IMG-20250912-WA0018.jpg'><img loading=\"lazy\" decoding=\"async\" width=\"150\" height=\"150\" src=\"https:\/\/buergergemeinde-balsthal.ch\/wp-content\/uploads\/2025\/09\/IMG-20250912-WA0018-150x150.jpg\" class=\"attachment-thumbnail size-thumbnail\" alt=\"\" \/><\/a>\n\t\t\t<\/div><\/figure><figure class='gallery-item'>\n\t\t\t<div class='gallery-icon landscape'>\n\t\t\t\t<a data-elementor-open-lightbox=\"yes\" data-elementor-lightbox-slideshow=\"ec579c6\" data-elementor-lightbox-title=\"IMG-20250912-WA0017\" data-e-action-hash=\"#elementor-action%3Aaction%3Dlightbox%26settings%3DeyJpZCI6Njk1NCwidXJsIjoiaHR0cHM6XC9cL2J1ZXJnZXJnZW1laW5kZS1iYWxzdGhhbC5jaFwvd3AtY29udGVudFwvdXBsb2Fkc1wvMjAyNVwvMDlcL0lNRy0yMDI1MDkxMi1XQTAwMTcuanBnIiwic2xpZGVzaG93IjoiZWM1NzljNiJ9\" href='https:\/\/buergergemeinde-balsthal.ch\/wp-content\/uploads\/2025\/09\/IMG-20250912-WA0017.jpg'><img loading=\"lazy\" decoding=\"async\" width=\"150\" height=\"150\" src=\"https:\/\/buergergemeinde-balsthal.ch\/wp-content\/uploads\/2025\/09\/IMG-20250912-WA0017-150x150.jpg\" class=\"attachment-thumbnail size-thumbnail\" alt=\"\" \/><\/a>\n\t\t\t<\/div><\/figure><figure class='gallery-item'>\n\t\t\t<div class='gallery-icon landscape'>\n\t\t\t\t<a data-elementor-open-lightbox=\"yes\" data-elementor-lightbox-slideshow=\"ec579c6\" data-elementor-lightbox-title=\"IMG-20250912-WA0016\" data-e-action-hash=\"#elementor-action%3Aaction%3Dlightbox%26settings%3DeyJpZCI6Njk1MywidXJsIjoiaHR0cHM6XC9cL2J1ZXJnZXJnZW1laW5kZS1iYWxzdGhhbC5jaFwvd3AtY29udGVudFwvdXBsb2Fkc1wvMjAyNVwvMDlcL0lNRy0yMDI1MDkxMi1XQTAwMTYuanBnIiwic2xpZGVzaG93IjoiZWM1NzljNiJ9\" href='https:\/\/buergergemeinde-balsthal.ch\/wp-content\/uploads\/2025\/09\/IMG-20250912-WA0016.jpg'><img loading=\"lazy\" decoding=\"async\" width=\"150\" height=\"150\" src=\"https:\/\/buergergemeinde-balsthal.ch\/wp-content\/uploads\/2025\/09\/IMG-20250912-WA0016-150x150.jpg\" class=\"attachment-thumbnail size-thumbnail\" alt=\"\" \/><\/a>\n\t\t\t<\/div><\/figure><figure class='gallery-item'>\n\t\t\t<div class='gallery-icon landscape'>\n\t\t\t\t<a data-elementor-open-lightbox=\"yes\" data-elementor-lightbox-slideshow=\"ec579c6\" data-elementor-lightbox-title=\"IMG-20250912-WA0015\" data-e-action-hash=\"#elementor-action%3Aaction%3Dlightbox%26settings%3DeyJpZCI6Njk1MiwidXJsIjoiaHR0cHM6XC9cL2J1ZXJnZXJnZW1laW5kZS1iYWxzdGhhbC5jaFwvd3AtY29udGVudFwvdXBsb2Fkc1wvMjAyNVwvMDlcL0lNRy0yMDI1MDkxMi1XQTAwMTUuanBnIiwic2xpZGVzaG93IjoiZWM1NzljNiJ9\" href='https:\/\/buergergemeinde-balsthal.ch\/wp-content\/uploads\/2025\/09\/IMG-20250912-WA0015.jpg'><img loading=\"lazy\" decoding=\"async\" width=\"150\" height=\"150\" src=\"https:\/\/buergergemeinde-balsthal.ch\/wp-content\/uploads\/2025\/09\/IMG-20250912-WA0015-150x150.jpg\" class=\"attachment-thumbnail size-thumbnail\" alt=\"\" \/><\/a>\n\t\t\t<\/div><\/figure><figure class='gallery-item'>\n\t\t\t<div class='gallery-icon portrait'>\n\t\t\t\t<a data-elementor-open-lightbox=\"yes\" data-elementor-lightbox-slideshow=\"ec579c6\" data-elementor-lightbox-title=\"IMG-20250912-WA0014\" data-e-action-hash=\"#elementor-action%3Aaction%3Dlightbox%26settings%3DeyJpZCI6Njk1MSwidXJsIjoiaHR0cHM6XC9cL2J1ZXJnZXJnZW1laW5kZS1iYWxzdGhhbC5jaFwvd3AtY29udGVudFwvdXBsb2Fkc1wvMjAyNVwvMDlcL0lNRy0yMDI1MDkxMi1XQTAwMTQuanBnIiwic2xpZGVzaG93IjoiZWM1NzljNiJ9\" href='https:\/\/buergergemeinde-balsthal.ch\/wp-content\/uploads\/2025\/09\/IMG-20250912-WA0014.jpg'><img loading=\"lazy\" decoding=\"async\" width=\"150\" height=\"150\" src=\"https:\/\/buergergemeinde-balsthal.ch\/wp-content\/uploads\/2025\/09\/IMG-20250912-WA0014-150x150.jpg\" class=\"attachment-thumbnail size-thumbnail\" alt=\"\" \/><\/a>\n\t\t\t<\/div><\/figure><figure class='gallery-item'>\n\t\t\t<div class='gallery-icon portrait'>\n\t\t\t\t<a data-elementor-open-lightbox=\"yes\" data-elementor-lightbox-slideshow=\"ec579c6\" data-elementor-lightbox-title=\"IMG-20250912-WA0013\" data-e-action-hash=\"#elementor-action%3Aaction%3Dlightbox%26settings%3DeyJpZCI6Njk1MCwidXJsIjoiaHR0cHM6XC9cL2J1ZXJnZXJnZW1laW5kZS1iYWxzdGhhbC5jaFwvd3AtY29udGVudFwvdXBsb2Fkc1wvMjAyNVwvMDlcL0lNRy0yMDI1MDkxMi1XQTAwMTMuanBnIiwic2xpZGVzaG93IjoiZWM1NzljNiJ9\" href='https:\/\/buergergemeinde-balsthal.ch\/wp-content\/uploads\/2025\/09\/IMG-20250912-WA0013.jpg'><img loading=\"lazy\" decoding=\"async\" width=\"150\" height=\"150\" src=\"https:\/\/buergergemeinde-balsthal.ch\/wp-content\/uploads\/2025\/09\/IMG-20250912-WA0013-150x150.jpg\" class=\"attachment-thumbnail size-thumbnail\" alt=\"\" \/><\/a>\n\t\t\t<\/div><\/figure><figure class='gallery-item'>\n\t\t\t<div class='gallery-icon landscape'>\n\t\t\t\t<a data-elementor-open-lightbox=\"yes\" data-elementor-lightbox-slideshow=\"ec579c6\" data-elementor-lightbox-title=\"IMG-20250912-WA0012\" data-e-action-hash=\"#elementor-action%3Aaction%3Dlightbox%26settings%3DeyJpZCI6Njk0OSwidXJsIjoiaHR0cHM6XC9cL2J1ZXJnZXJnZW1laW5kZS1iYWxzdGhhbC5jaFwvd3AtY29udGVudFwvdXBsb2Fkc1wvMjAyNVwvMDlcL0lNRy0yMDI1MDkxMi1XQTAwMTIuanBnIiwic2xpZGVzaG93IjoiZWM1NzljNiJ9\" href='https:\/\/buergergemeinde-balsthal.ch\/wp-content\/uploads\/2025\/09\/IMG-20250912-WA0012.jpg'><img loading=\"lazy\" decoding=\"async\" width=\"150\" height=\"150\" src=\"https:\/\/buergergemeinde-balsthal.ch\/wp-content\/uploads\/2025\/09\/IMG-20250912-WA0012-150x150.jpg\" class=\"attachment-thumbnail size-thumbnail\" alt=\"\" \/><\/a>\n\t\t\t<\/div><\/figure><figure class='gallery-item'>\n\t\t\t<div class='gallery-icon portrait'>\n\t\t\t\t<a data-elementor-open-lightbox=\"yes\" data-elementor-lightbox-slideshow=\"ec579c6\" data-elementor-lightbox-title=\"IMG-20250912-WA0011\" data-e-action-hash=\"#elementor-action%3Aaction%3Dlightbox%26settings%3DeyJpZCI6Njk0OCwidXJsIjoiaHR0cHM6XC9cL2J1ZXJnZXJnZW1laW5kZS1iYWxzdGhhbC5jaFwvd3AtY29udGVudFwvdXBsb2Fkc1wvMjAyNVwvMDlcL0lNRy0yMDI1MDkxMi1XQTAwMTEuanBnIiwic2xpZGVzaG93IjoiZWM1NzljNiJ9\" href='https:\/\/buergergemeinde-balsthal.ch\/wp-content\/uploads\/2025\/09\/IMG-20250912-WA0011.jpg'><img loading=\"lazy\" decoding=\"async\" width=\"150\" height=\"150\" src=\"https:\/\/buergergemeinde-balsthal.ch\/wp-content\/uploads\/2025\/09\/IMG-20250912-WA0011-150x150.jpg\" class=\"attachment-thumbnail size-thumbnail\" alt=\"\" \/><\/a>\n\t\t\t<\/div><\/figure><figure class='gallery-item'>\n\t\t\t<div class='gallery-icon landscape'>\n\t\t\t\t<a data-elementor-open-lightbox=\"yes\" data-elementor-lightbox-slideshow=\"ec579c6\" data-elementor-lightbox-title=\"IMG-20250912-WA0010\" data-e-action-hash=\"#elementor-action%3Aaction%3Dlightbox%26settings%3DeyJpZCI6Njk0NywidXJsIjoiaHR0cHM6XC9cL2J1ZXJnZXJnZW1laW5kZS1iYWxzdGhhbC5jaFwvd3AtY29udGVudFwvdXBsb2Fkc1wvMjAyNVwvMDlcL0lNRy0yMDI1MDkxMi1XQTAwMTAuanBnIiwic2xpZGVzaG93IjoiZWM1NzljNiJ9\" href='https:\/\/buergergemeinde-balsthal.ch\/wp-content\/uploads\/2025\/09\/IMG-20250912-WA0010.jpg'><img loading=\"lazy\" decoding=\"async\" width=\"150\" height=\"150\" src=\"https:\/\/buergergemeinde-balsthal.ch\/wp-content\/uploads\/2025\/09\/IMG-20250912-WA0010-150x150.jpg\" class=\"attachment-thumbnail size-thumbnail\" alt=\"\" \/><\/a>\n\t\t\t<\/div><\/figure><figure class='gallery-item'>\n\t\t\t<div class='gallery-icon landscape'>\n\t\t\t\t<a data-elementor-open-lightbox=\"yes\" data-elementor-lightbox-slideshow=\"ec579c6\" data-elementor-lightbox-title=\"IMG-20250912-WA0009\" data-e-action-hash=\"#elementor-action%3Aaction%3Dlightbox%26settings%3DeyJpZCI6Njk0NiwidXJsIjoiaHR0cHM6XC9cL2J1ZXJnZXJnZW1laW5kZS1iYWxzdGhhbC5jaFwvd3AtY29udGVudFwvdXBsb2Fkc1wvMjAyNVwvMDlcL0lNRy0yMDI1MDkxMi1XQTAwMDkuanBnIiwic2xpZGVzaG93IjoiZWM1NzljNiJ9\" href='https:\/\/buergergemeinde-balsthal.ch\/wp-content\/uploads\/2025\/09\/IMG-20250912-WA0009.jpg'><img loading=\"lazy\" decoding=\"async\" width=\"150\" height=\"150\" src=\"https:\/\/buergergemeinde-balsthal.ch\/wp-content\/uploads\/2025\/09\/IMG-20250912-WA0009-150x150.jpg\" class=\"attachment-thumbnail size-thumbnail\" alt=\"\" \/><\/a>\n\t\t\t<\/div><\/figure><figure class='gallery-item'>\n\t\t\t<div class='gallery-icon landscape'>\n\t\t\t\t<a data-elementor-open-lightbox=\"yes\" data-elementor-lightbox-slideshow=\"ec579c6\" data-elementor-lightbox-title=\"IMG-20250912-WA0008\" data-e-action-hash=\"#elementor-action%3Aaction%3Dlightbox%26settings%3DeyJpZCI6Njk0NSwidXJsIjoiaHR0cHM6XC9cL2J1ZXJnZXJnZW1laW5kZS1iYWxzdGhhbC5jaFwvd3AtY29udGVudFwvdXBsb2Fkc1wvMjAyNVwvMDlcL0lNRy0yMDI1MDkxMi1XQTAwMDguanBnIiwic2xpZGVzaG93IjoiZWM1NzljNiJ9\" href='https:\/\/buergergemeinde-balsthal.ch\/wp-content\/uploads\/2025\/09\/IMG-20250912-WA0008.jpg'><img loading=\"lazy\" decoding=\"async\" width=\"150\" height=\"150\" src=\"https:\/\/buergergemeinde-balsthal.ch\/wp-content\/uploads\/2025\/09\/IMG-20250912-WA0008-150x150.jpg\" class=\"attachment-thumbnail size-thumbnail\" alt=\"\" \/><\/a>\n\t\t\t<\/div><\/figure>\n\t\t<\/div>\n\t\t<\/div>\n\t\t\t\t\t\t<\/div>\n\t\t\t\t<\/div>\n\t\t\t\t<div class=\"elementor-element elementor-element-9e200fd elementor-widget elementor-widget-button\" data-id=\"9e200fd\" data-element_type=\"widget\" data-e-type=\"widget\" data-widget_type=\"button.default\">\n\t\t\t\t<div class=\"elementor-widget-container\">\n\t\t\t\t\t\t\t\t\t<div class=\"elementor-button-wrapper\">\n\t\t\t\t\t<a class=\"elementor-button elementor-button-link elementor-size-sm\" href=\"https:\/\/buergergemeinde-balsthal.ch\">\n\t\t\t\t\t\t<span class=\"elementor-button-content-wrapper\">\n\t\t\t\t\t\t\t\t\t<span class=\"elementor-button-text\">zur\u00fcck zur Webseite<\/span>\n\t\t\t\t\t<\/span>\n\t\t\t\t\t<\/a>\n\t\t\t\t<\/div>\n\t\t\t\t\t\t\t\t<\/div>\n\t\t\t\t<\/div>\n\t\t\t\t\t<\/div>\n\t\t\t\t<\/div>\n\t\t<div class=\"elementor-element elementor-element-5c348b21 e-flex e-con-boxed e-con e-parent\" data-id=\"5c348b21\" data-element_type=\"container\" data-e-type=\"container\" data-settings=\"{&quot;background_background&quot;:&quot;classic&quot;}\">\n\t\t\t\t\t<div class=\"e-con-inner\">\n\t\t<div class=\"elementor-element elementor-element-4fa04f3b e-con-full e-flex e-con e-child\" data-id=\"4fa04f3b\" data-element_type=\"container\" data-e-type=\"container\">\n\t\t\t\t<div class=\"elementor-element elementor-element-6f874075 elementor-widget elementor-widget-image\" data-id=\"6f874075\" data-element_type=\"widget\" data-e-type=\"widget\" data-widget_type=\"image.default\">\n\t\t\t\t<div class=\"elementor-widget-container\">\n\t\t\t\t\t\t\t\t\t\t\t\t\t\t\t\t<a href=\"https:\/\/wpmet.com\/plugin\/elementskit\/\">\n\t\t\t\t\t\t\t<img decoding=\"async\" width=\"300\" height=\"107\" src=\"https:\/\/buergergemeinde-balsthal.ch\/wp-content\/uploads\/2024\/11\/bg_logo_negativ.png\" class=\"attachment-full size-full wp-image-222\" alt=\"\" \/>\t\t\t\t\t\t\t\t<\/a>\n\t\t\t\t\t\t\t\t\t\t\t\t\t\t\t<\/div>\n\t\t\t\t<\/div>\n\t\t\t\t<\/div>\n\t\t<div class=\"elementor-element elementor-element-44f22dde e-con-full e-flex e-con e-child\" data-id=\"44f22dde\" data-element_type=\"container\" data-e-type=\"container\">\n\t\t\t\t<div class=\"elementor-element elementor-element-4b4dd27d elementor-widget elementor-widget-heading\" data-id=\"4b4dd27d\" data-element_type=\"widget\" data-e-type=\"widget\" data-widget_type=\"heading.default\">\n\t\t\t\t<div class=\"elementor-widget-container\">\n\t\t\t\t\t<h2 class=\"elementor-heading-title elementor-size-default\">SERVICE<\/h2>\t\t\t\t<\/div>\n\t\t\t\t<\/div>\n\t\t\t\t<div class=\"elementor-element elementor-element-ab92364 elementor-list-item-link-full_width elementor-widget elementor-widget-icon-list\" data-id=\"ab92364\" data-element_type=\"widget\" data-e-type=\"widget\" data-widget_type=\"icon-list.default\">\n\t\t\t\t<div class=\"elementor-widget-container\">\n\t\t\t\t\t\t\t<ul class=\"elementor-icon-list-items\">\n\t\t\t\t\t\t\t<li class=\"elementor-icon-list-item\">\n\t\t\t\t\t\t\t\t\t\t\t<a href=\"https:\/\/buergergemeinde-balsthal.ch\/index.php\/kontaktformular\/\">\n\n\t\t\t\t\t\t\t\t\t\t\t<span class=\"elementor-icon-list-text\">Kontaktformular<\/span>\n\t\t\t\t\t\t\t\t\t\t\t<\/a>\n\t\t\t\t\t\t\t\t\t<\/li>\n\t\t\t\t\t\t\t\t<li class=\"elementor-icon-list-item\">\n\t\t\t\t\t\t\t\t\t\t\t<a href=\"https:\/\/buergergemeinde-balsthal.ch\/index.php\/impressum\/\">\n\n\t\t\t\t\t\t\t\t\t\t\t<span class=\"elementor-icon-list-text\">Impressum<\/span>\n\t\t\t\t\t\t\t\t\t\t\t<\/a>\n\t\t\t\t\t\t\t\t\t<\/li>\n\t\t\t\t\t\t\t\t<li class=\"elementor-icon-list-item\">\n\t\t\t\t\t\t\t\t\t\t\t<a href=\"https:\/\/buergergemeinde-balsthal.ch\/index.php\/datenschutzerklaerung\/\">\n\n\t\t\t\t\t\t\t\t\t\t\t<span class=\"elementor-icon-list-text\">Datenschutzerkl\u00e4rung<\/span>\n\t\t\t\t\t\t\t\t\t\t\t<\/a>\n\t\t\t\t\t\t\t\t\t<\/li>\n\t\t\t\t\t\t\t\t<li class=\"elementor-icon-list-item\">\n\t\t\t\t\t\t\t\t\t\t\t<a href=\"https:\/\/buergergemeinde-balsthal.ch\/index.php\/downloads\/\">\n\n\t\t\t\t\t\t\t\t\t\t\t<span class=\"elementor-icon-list-text\">Dokumente<\/span>\n\t\t\t\t\t\t\t\t\t\t\t<\/a>\n\t\t\t\t\t\t\t\t\t<\/li>\n\t\t\t\t\t\t<\/ul>\n\t\t\t\t\t\t<\/div>\n\t\t\t\t<\/div>\n\t\t\t\t<\/div>\n\t\t<div class=\"elementor-element elementor-element-985e87c e-con-full e-flex e-con e-child\" data-id=\"985e87c\" data-element_type=\"container\" data-e-type=\"container\">\n\t\t\t\t<div class=\"elementor-element elementor-element-6516636b elementor-widget elementor-widget-heading\" data-id=\"6516636b\" data-element_type=\"widget\" data-e-type=\"widget\" data-widget_type=\"heading.default\">\n\t\t\t\t<div class=\"elementor-widget-container\">\n\t\t\t\t\t<h2 class=\"elementor-heading-title elementor-size-default\">KONTAKT<\/h2>\t\t\t\t<\/div>\n\t\t\t\t<\/div>\n\t\t\t\t<div class=\"elementor-element elementor-element-132cdc2c elementor-widget elementor-widget-text-editor\" data-id=\"132cdc2c\" data-element_type=\"widget\" data-e-type=\"widget\" data-widget_type=\"text-editor.default\">\n\t\t\t\t<div class=\"elementor-widget-container\">\n\t\t\t\t\t\t\t\t\t<div class=\"textwidget\"><p>B\u00fcrgergemeinde Balsthal<br \/>Falkensteinerstrasse 8<br \/>4710 Balsthal<\/p><p>info@buergergemeinde-balsthal.ch<\/p><\/div>\t\t\t\t\t\t\t\t<\/div>\n\t\t\t\t<\/div>\n\t\t\t\t<\/div>\n\t\t\t\t\t<\/div>\n\t\t\t\t<\/div>\n\t\t\t\t<section class=\"elementor-section elementor-top-section elementor-element elementor-element-79a53a9b elementor-section-boxed elementor-section-height-default elementor-section-height-default\" data-id=\"79a53a9b\" data-element_type=\"section\" data-e-type=\"section\" data-settings=\"{&quot;background_background&quot;:&quot;classic&quot;}\">\n\t\t\t\t\t\t<div class=\"elementor-container elementor-column-gap-default\">\n\t\t\t\t\t<div class=\"elementor-column elementor-col-100 elementor-top-column elementor-element elementor-element-67ae9a15\" data-id=\"67ae9a15\" data-element_type=\"column\" data-e-type=\"column\">\n\t\t\t<div class=\"elementor-widget-wrap elementor-element-populated\">\n\t\t\t\t\t\t<div class=\"elementor-element elementor-element-6781d930 elementor-widget elementor-widget-elementskit-heading\" data-id=\"6781d930\" data-element_type=\"widget\" data-e-type=\"widget\" data-widget_type=\"elementskit-heading.default\">\n\t\t\t\t<div class=\"elementor-widget-container\">\n\t\t\t\t\t<div class=\"ekit-wid-con\" ><div class=\"ekit-heading elementskit-section-title-wraper text_left   ekit_heading_tablet-   ekit_heading_mobile-text_center\"><p class=\"ekit-heading--title elementskit-section-title \">\u00a92024. B\u00fcrgergemeinde Balsthal. All Rights Reserved.<\/p><\/div><\/div>\t\t\t\t<\/div>\n\t\t\t\t<\/div>\n\t\t\t\t\t<\/div>\n\t\t<\/div>\n\t\t\t\t\t<\/div>\n\t\t<\/section>\n\t\t\t\t<\/div>\n\t\t","protected":false},"excerpt":{"rendered":"<p>Homepage Die B\u00fcrgergemeinde Das ist die BG Balsthal Mitglieder &#038; Kommissionen B\u00fcrgerwesen Einb\u00fcrgerung G\u00fcter &#038; Eigentum B\u00fcrgerhaus MFH Oberfeld Dienstleistungen Vermietungen Downloads Bilder Chronik Publikationen Allmend &#038; Forst Kontakt X FOTOS B\u00dcRGERTAG 2025 zur\u00fcck zur Webseite SERVICE Kontaktformular Impressum Datenschutzerkl\u00e4rung Dokumente KONTAKT B\u00fcrgergemeinde BalsthalFalkensteinerstrasse 84710 Balsthal info@buergergemeinde-balsthal.ch \u00a92024. B\u00fcrgergemeinde Balsthal. All Rights Reserved.<\/p>\n","protected":false},"author":1,"featured_media":0,"parent":0,"menu_order":0,"comment_status":"closed","ping_status":"closed","template":"","meta":{"footnotes":""},"class_list":["post-6980","page","type-page","status-publish","hentry"],"_links":{"self":[{"href":"https:\/\/buergergemeinde-balsthal.ch\/index.php\/wp-json\/wp\/v2\/pages\/6980","targetHints":{"allow":["GET"]}}],"collection":[{"href":"https:\/\/buergergemeinde-balsthal.ch\/index.php\/wp-json\/wp\/v2\/pages"}],"about":[{"href":"https:\/\/buergergemeinde-balsthal.ch\/index.php\/wp-json\/wp\/v2\/types\/page"}],"author":[{"embeddable":true,"href":"https:\/\/buergergemeinde-balsthal.ch\/index.php\/wp-json\/wp\/v2\/users\/1"}],"replies":[{"embeddable":true,"href":"https:\/\/buergergemeinde-balsthal.ch\/index.php\/wp-json\/wp\/v2\/comments?post=6980"}],"version-history":[{"count":0,"href":"https:\/\/buergergemeinde-balsthal.ch\/index.php\/wp-json\/wp\/v2\/pages\/6980\/revisions"}],"wp:attachment":[{"href":"https:\/\/buergergemeinde-balsthal.ch\/index.php\/wp-json\/wp\/v2\/media?parent=6980"}],"curies":[{"name":"wp","href":"https:\/\/api.w.org\/{rel}","templated":true}]}}