{"id":368,"date":"2024-11-26T15:24:25","date_gmt":"2024-11-26T15:24:25","guid":{"rendered":"https:\/\/buergergemeinde-balsthal.ch\/bg-neu\/?page_id=368"},"modified":"2024-12-02T17:12:33","modified_gmt":"2024-12-02T17:12:33","slug":"buergerwesen","status":"publish","type":"page","link":"https:\/\/buergergemeinde-balsthal.ch\/index.php\/buergerwesen\/","title":{"rendered":"B\u00fcrgerwesen"},"content":{"rendered":"\t\t<div data-elementor-type=\"wp-page\" data-elementor-id=\"368\" class=\"elementor elementor-368\">\n\t\t\t\t<div class=\"elementor-element elementor-element-78f073a5 e-con-full e-flex e-con e-parent\" data-id=\"78f073a5\" data-element_type=\"container\" data-e-type=\"container\">\n\t\t<div class=\"elementor-element elementor-element-7973a023 e-con-full e-flex e-con e-child\" data-id=\"7973a023\" data-element_type=\"container\" data-e-type=\"container\" data-settings=\"{&quot;background_background&quot;:&quot;classic&quot;}\">\n\t\t<div class=\"elementor-element elementor-element-25292f54 e-con-full e-flex e-con e-child\" data-id=\"25292f54\" data-element_type=\"container\" data-e-type=\"container\">\n\t\t\t\t<div class=\"elementor-element elementor-element-64c3120d elementor-widget elementor-widget-image\" data-id=\"64c3120d\" data-element_type=\"widget\" data-e-type=\"widget\" data-widget_type=\"image.default\">\n\t\t\t\t<div class=\"elementor-widget-container\">\n\t\t\t\t\t\t\t\t\t\t\t\t\t\t\t\t<a href=\"https:\/\/buergergemeinde-balsthal.ch\/\">\n\t\t\t\t\t\t\t<img decoding=\"async\" width=\"300\" height=\"107\" src=\"https:\/\/buergergemeinde-balsthal.ch\/wp-content\/uploads\/2024\/11\/bg_logo_negativ.png\" class=\"attachment-full size-full wp-image-222\" alt=\"\" \/>\t\t\t\t\t\t\t\t<\/a>\n\t\t\t\t\t\t\t\t\t\t\t\t\t\t\t<\/div>\n\t\t\t\t<\/div>\n\t\t\t\t<\/div>\n\t\t<div class=\"elementor-element elementor-element-24e1ad8b e-con-full e-flex e-con e-child\" data-id=\"24e1ad8b\" data-element_type=\"container\" data-e-type=\"container\">\n\t\t\t\t<div class=\"elementor-element elementor-element-7bf98d67 elementor-widget elementor-widget-ekit-nav-menu\" data-id=\"7bf98d67\" data-element_type=\"widget\" data-e-type=\"widget\" data-widget_type=\"ekit-nav-menu.default\">\n\t\t\t\t<div class=\"elementor-widget-container\">\n\t\t\t\t\t\t\t<nav class=\"ekit-wid-con ekit_menu_responsive_tablet\"\n\t\t\tdata-hamburger-icon=\"\"\n\t\t\tdata-hamburger-icon-type=\"icon\"\n\t\t\tdata-responsive-breakpoint=\"1024\">\n\t\t\t            <button class=\"elementskit-menu-hamburger elementskit-menu-toggler\"  type=\"button\" aria-label=\"hamburger-icon\">\n                                    <span class=\"elementskit-menu-hamburger-icon\"><\/span><span class=\"elementskit-menu-hamburger-icon\"><\/span><span class=\"elementskit-menu-hamburger-icon\"><\/span>\n                            <\/button>\n            <div id=\"ekit-megamenu-hauptmenu\" class=\"elementskit-menu-container elementskit-menu-offcanvas-elements elementskit-navbar-nav-default ekit-nav-menu-one-page-no ekit-nav-dropdown-hover\"><ul id=\"menu-hauptmenu\" class=\"elementskit-navbar-nav elementskit-menu-po-right submenu-click-on-icon\"><li id=\"menu-item-7174\" class=\"menu-item menu-item-type-post_type menu-item-object-page menu-item-home menu-item-7174 nav-item elementskit-mobile-builder-content\" data-vertical-menu=750px><a href=\"https:\/\/buergergemeinde-balsthal.ch\/\" class=\"ekit-menu-nav-link\">Homepage<\/a><\/li>\n<li id=\"menu-item-64\" class=\"menu-item menu-item-type-custom menu-item-object-custom menu-item-has-children menu-item-64 nav-item elementskit-dropdown-has relative_position elementskit-dropdown-menu-default_width elementskit-mobile-builder-content\" data-vertical-menu=750px><a href=\"#\" class=\"ekit-menu-nav-link ekit-menu-dropdown-toggle\">Die B\u00fcrgergemeinde<i aria-hidden=\"true\" class=\"icon icon-arrow-point-to-down elementskit-submenu-indicator\"><\/i><\/a>\n<ul class=\"elementskit-dropdown elementskit-submenu-panel\">\n\t<li id=\"menu-item-380\" class=\"menu-item menu-item-type-post_type menu-item-object-page menu-item-380 nav-item elementskit-mobile-builder-content\" data-vertical-menu=750px><a href=\"https:\/\/buergergemeinde-balsthal.ch\/index.php\/das-ist-die-bg-balsthal\/\" class=\" dropdown-item\">Das ist die BG Balsthal<\/a>\t<li id=\"menu-item-381\" class=\"menu-item menu-item-type-post_type menu-item-object-page menu-item-381 nav-item elementskit-mobile-builder-content\" data-vertical-menu=750px><a href=\"https:\/\/buergergemeinde-balsthal.ch\/index.php\/komissionen-und-mitglieder\/\" class=\" dropdown-item\">Mitglieder &#038; Kommissionen<\/a>\t<li id=\"menu-item-379\" class=\"menu-item menu-item-type-post_type menu-item-object-page menu-item-379 nav-item elementskit-mobile-builder-content\" data-vertical-menu=750px><a href=\"https:\/\/buergergemeinde-balsthal.ch\/index.php\/buergerwesen\/\" class=\" dropdown-item\">B\u00fcrgerwesen<\/a>\t<li id=\"menu-item-272\" class=\"menu-item menu-item-type-post_type menu-item-object-page menu-item-272 nav-item elementskit-mobile-builder-content\" data-vertical-menu=750px><a href=\"https:\/\/buergergemeinde-balsthal.ch\/index.php\/einbuergerung\/\" class=\" dropdown-item\">Einb\u00fcrgerung<\/a>\t<li id=\"menu-item-539\" class=\"menu-item menu-item-type-post_type menu-item-object-page menu-item-539 nav-item elementskit-mobile-builder-content\" data-vertical-menu=750px><a href=\"https:\/\/buergergemeinde-balsthal.ch\/index.php\/gueter-eigentum\/\" class=\" dropdown-item\">G\u00fcter &#038; Eigentum<\/a>\t<li id=\"menu-item-388\" class=\"menu-item menu-item-type-post_type menu-item-object-page menu-item-388 nav-item elementskit-mobile-builder-content\" data-vertical-menu=750px><a href=\"https:\/\/buergergemeinde-balsthal.ch\/index.php\/buergerhaus\/\" class=\" dropdown-item\">B\u00fcrgerhaus<\/a>\t<li id=\"menu-item-382\" class=\"menu-item menu-item-type-post_type menu-item-object-page menu-item-382 nav-item elementskit-mobile-builder-content\" data-vertical-menu=750px><a href=\"https:\/\/buergergemeinde-balsthal.ch\/index.php\/mfh-oberfeld\/\" class=\" dropdown-item\">MFH Oberfeld<\/a><\/ul>\n<\/li>\n<li id=\"menu-item-66\" class=\"menu-item menu-item-type-custom menu-item-object-custom menu-item-has-children menu-item-66 nav-item elementskit-dropdown-has relative_position elementskit-dropdown-menu-default_width elementskit-mobile-builder-content\" data-vertical-menu=750px><a href=\"#\" class=\"ekit-menu-nav-link ekit-menu-dropdown-toggle\">Dienstleistungen<i aria-hidden=\"true\" class=\"icon icon-arrow-point-to-down elementskit-submenu-indicator\"><\/i><\/a>\n<ul class=\"elementskit-dropdown elementskit-submenu-panel\">\n\t<li id=\"menu-item-376\" class=\"menu-item menu-item-type-post_type menu-item-object-page menu-item-376 nav-item elementskit-mobile-builder-content\" data-vertical-menu=750px><a href=\"https:\/\/buergergemeinde-balsthal.ch\/index.php\/vermietungen\/\" class=\" dropdown-item\">Vermietungen<\/a>\t<li id=\"menu-item-387\" class=\"menu-item menu-item-type-post_type menu-item-object-page menu-item-387 nav-item elementskit-mobile-builder-content\" data-vertical-menu=750px><a href=\"https:\/\/buergergemeinde-balsthal.ch\/index.php\/downloads\/\" class=\" dropdown-item\">Downloads<\/a>\t<li id=\"menu-item-6473\" class=\"menu-item menu-item-type-post_type menu-item-object-page menu-item-6473 nav-item elementskit-mobile-builder-content\" data-vertical-menu=750px><a href=\"https:\/\/buergergemeinde-balsthal.ch\/index.php\/bilder-chronik\/\" class=\" dropdown-item\">Bilder Chronik<\/a>\t<li id=\"menu-item-394\" class=\"menu-item menu-item-type-post_type menu-item-object-page menu-item-394 nav-item elementskit-mobile-builder-content\" data-vertical-menu=750px><a href=\"https:\/\/buergergemeinde-balsthal.ch\/index.php\/publikationen\/\" class=\" dropdown-item\">Publikationen<\/a><\/ul>\n<\/li>\n<li id=\"menu-item-536\" class=\"menu-item menu-item-type-post_type menu-item-object-page menu-item-536 nav-item elementskit-mobile-builder-content\" data-vertical-menu=750px><a href=\"https:\/\/buergergemeinde-balsthal.ch\/index.php\/allmend-und-forst\/\" class=\"ekit-menu-nav-link\">Allmend &#038; Forst<\/a><\/li>\n<li id=\"menu-item-5555\" class=\"menu-item menu-item-type-post_type menu-item-object-page menu-item-5555 nav-item elementskit-mobile-builder-content\" data-vertical-menu=750px><a href=\"https:\/\/buergergemeinde-balsthal.ch\/index.php\/kontaktformular\/\" class=\"ekit-menu-nav-link\">Kontakt<\/a><\/li>\n<\/ul><div class=\"elementskit-nav-identity-panel\"><a class=\"elementskit-nav-logo\" href=\"https:\/\/buergergemeinde-balsthal.ch\" target=\"\" rel=\"\"><img src=\"https:\/\/buergergemeinde-balsthal.ch\/wp-content\/uploads\/2024\/11\/placeholder-661-1.png\" title=\"placeholder-661-1.png\" alt=\"placeholder-661-1.png\" decoding=\"async\" \/><\/a><button class=\"elementskit-menu-close elementskit-menu-toggler\" type=\"button\">X<\/button><\/div><\/div>\n\t\t\t<div class=\"elementskit-menu-overlay elementskit-menu-offcanvas-elements elementskit-menu-toggler ekit-nav-menu--overlay\"><\/div>        <\/nav>\n\t\t\t\t\t\t<\/div>\n\t\t\t\t<\/div>\n\t\t\t\t<\/div>\n\t\t\t\t<\/div>\n\t\t\t\t<\/div>\n\t\t<div class=\"elementor-element elementor-element-0ddde3d e-flex e-con-boxed e-con e-parent\" data-id=\"0ddde3d\" data-element_type=\"container\" data-e-type=\"container\">\n\t\t\t\t\t<div class=\"e-con-inner\">\n\t\t<div class=\"elementor-element elementor-element-e7705f9 e-con-full e-flex e-con e-child\" data-id=\"e7705f9\" data-element_type=\"container\" data-e-type=\"container\">\n\t\t\t\t<div class=\"elementor-element elementor-element-fdf27ed elementor-widget elementor-widget-image\" data-id=\"fdf27ed\" data-element_type=\"widget\" data-e-type=\"widget\" data-widget_type=\"image.default\">\n\t\t\t\t<div class=\"elementor-widget-container\">\n\t\t\t\t\t\t\t\t\t\t\t\t\t\t\t<img fetchpriority=\"high\" decoding=\"async\" width=\"473\" height=\"540\" src=\"https:\/\/buergergemeinde-balsthal.ch\/wp-content\/uploads\/2024\/11\/wappenscheibe_balsthal.jpg\" class=\"attachment-large size-large wp-image-561\" alt=\"\" srcset=\"https:\/\/buergergemeinde-balsthal.ch\/wp-content\/uploads\/2024\/11\/wappenscheibe_balsthal.jpg 473w, https:\/\/buergergemeinde-balsthal.ch\/wp-content\/uploads\/2024\/11\/wappenscheibe_balsthal-263x300.jpg 263w\" sizes=\"(max-width: 473px) 100vw, 473px\" \/>\t\t\t\t\t\t\t\t\t\t\t\t\t\t\t<\/div>\n\t\t\t\t<\/div>\n\t\t\t\t<\/div>\n\t\t<div class=\"elementor-element elementor-element-b6f8927 e-con-full e-flex e-con e-child\" data-id=\"b6f8927\" data-element_type=\"container\" data-e-type=\"container\">\n\t\t\t\t<div class=\"elementor-element elementor-element-0d0558a elementor-widget elementor-widget-heading\" data-id=\"0d0558a\" data-element_type=\"widget\" data-e-type=\"widget\" data-widget_type=\"heading.default\">\n\t\t\t\t<div class=\"elementor-widget-container\">\n\t\t\t\t\t<h2 class=\"elementor-heading-title elementor-size-default\">B\u00fcrgerwesen<\/h2>\t\t\t\t<\/div>\n\t\t\t\t<\/div>\n\t\t\t\t<div class=\"elementor-element elementor-element-301a152 elementor-widget-divider--view-line elementor-widget elementor-widget-divider\" data-id=\"301a152\" data-element_type=\"widget\" data-e-type=\"widget\" data-widget_type=\"divider.default\">\n\t\t\t\t<div class=\"elementor-widget-container\">\n\t\t\t\t\t\t\t<div class=\"elementor-divider\">\n\t\t\t<span class=\"elementor-divider-separator\">\n\t\t\t\t\t\t<\/span>\n\t\t<\/div>\n\t\t\t\t\t\t<\/div>\n\t\t\t\t<\/div>\n\t\t\t\t<div class=\"elementor-element elementor-element-ce483ff elementor-widget elementor-widget-text-editor\" data-id=\"ce483ff\" data-element_type=\"widget\" data-e-type=\"widget\" data-widget_type=\"text-editor.default\">\n\t\t\t\t<div class=\"elementor-widget-container\">\n\t\t\t\t\t\t\t\t\t<p>Jeder Mensch hat grunds\u00e4tzlich ein Staatsb\u00fcrgerrecht. Im Gegensatz zu andern Nationen kennt die Schweiz zus\u00e4tzlich das Kantons- und das Ortsb\u00fcrgerrecht. Bis vor einigen Jahren hatte das Ortsb\u00fcrgerrecht noch eine ganz spezielle Bedeutung, vor allem in Bezug auf die materielle, soziale Unterst\u00fctzung. Durch die erfolgte Gesetzes\u00e4nderung empfinden viele Menschen das Ortsb\u00fcrgerrecht als unn\u00f6tig. Auf der andern Seite gibt es gl\u00fccklicherweise noch immer eine stattliche Anzahl Personen, die speziell Stolz sind auf das B\u00fcrgerrecht ihrer Gemeinde.<\/p><p>Wir kennen verschiedene M\u00f6glichkeiten, das Ortsb\u00fcrgerrecht zu erlangen. Dazu geh\u00f6ren die zivilstandsrechtlichen Ereignisse wie Geburt oder Heirat. Daneben gibt es aber auch immer mehr Einb\u00fcrgerungen von Angeh\u00f6rigen anderer Nationen. Diese erlangen das B\u00fcrgerrecht durch ordentliche oder erleichterte Einb\u00fcrgerung. Davon haben in den letzten Jahren einige Personen in Balsthal Gebrauch gemacht.<\/p>\t\t\t\t\t\t\t\t<\/div>\n\t\t\t\t<\/div>\n\t\t\t\t<\/div>\n\t\t\t\t\t<\/div>\n\t\t\t\t<\/div>\n\t\t<div class=\"elementor-element elementor-element-57c2661 e-flex e-con-boxed e-con e-parent\" data-id=\"57c2661\" data-element_type=\"container\" data-e-type=\"container\">\n\t\t\t\t\t<div class=\"e-con-inner\">\n\t\t\t\t<div class=\"elementor-element elementor-element-e2c11ac elementor-widget-divider--view-line elementor-widget elementor-widget-divider\" data-id=\"e2c11ac\" data-element_type=\"widget\" data-e-type=\"widget\" data-widget_type=\"divider.default\">\n\t\t\t\t<div class=\"elementor-widget-container\">\n\t\t\t\t\t\t\t<div class=\"elementor-divider\">\n\t\t\t<span class=\"elementor-divider-separator\">\n\t\t\t\t\t\t<\/span>\n\t\t<\/div>\n\t\t\t\t\t\t<\/div>\n\t\t\t\t<\/div>\n\t\t\t\t\t<\/div>\n\t\t\t\t<\/div>\n\t\t<div class=\"elementor-element elementor-element-9a4bef7 e-flex e-con-boxed e-con e-parent\" data-id=\"9a4bef7\" data-element_type=\"container\" data-e-type=\"container\">\n\t\t\t\t\t<div class=\"e-con-inner\">\n\t\t\t\t<div class=\"elementor-element elementor-element-1b3fc86 elementor-widget elementor-widget-heading\" data-id=\"1b3fc86\" data-element_type=\"widget\" data-e-type=\"widget\" data-widget_type=\"heading.default\">\n\t\t\t\t<div class=\"elementor-widget-container\">\n\t\t\t\t\t<h2 class=\"elementor-heading-title elementor-size-default\">Balsthaler B\u00fcrgernamen<\/h2>\t\t\t\t<\/div>\n\t\t\t\t<\/div>\n\t\t\t\t<div class=\"elementor-element elementor-element-345370c elementor-widget elementor-widget-text-editor\" data-id=\"345370c\" data-element_type=\"widget\" data-e-type=\"widget\" data-widget_type=\"text-editor.default\">\n\t\t\t\t<div class=\"elementor-widget-container\">\n\t\t\t\t\t\t\t\t\t<p>\u00a0Es kann deshalb sehr gut m\u00f6glich sein, dass das eine oder andere B\u00fcrgergeschlecht auf unserer Liste fehlt. Bei entsprechender Feststellung bitten wir die Betroffenen um Nachsicht und w\u00e4ren f\u00fcr eine kurze Information sehr dankbar, damit diese Liste mit der Zeit doch l\u00fcckenlos wird.<\/p>\t\t\t\t\t\t\t\t<\/div>\n\t\t\t\t<\/div>\n\t\t\t\t\t<\/div>\n\t\t\t\t<\/div>\n\t\t<div class=\"elementor-element elementor-element-60ed817 e-flex e-con-boxed e-con e-parent\" data-id=\"60ed817\" data-element_type=\"container\" data-e-type=\"container\">\n\t\t\t\t\t<div class=\"e-con-inner\">\n\t\t\t\t<div class=\"elementor-element elementor-element-2819b68 elementor-widget elementor-widget-text-editor\" data-id=\"2819b68\" data-element_type=\"widget\" data-e-type=\"widget\" data-widget_type=\"text-editor.default\">\n\t\t\t\t<div class=\"elementor-widget-container\">\n\t\t\t\t\t\t\t\t\t<p>Adriani<br \/>Aeschi<br \/>Albani<br \/>Altermatt<br \/>Baby<br \/>Bader<br \/>Berger<br \/>Binot<br \/>Bloch<br \/>Born<br \/>Bott<br \/>Brand<br \/>Brunner<br \/>B\u00fcrgi<br \/>Bussmann<br \/>Campa<br \/>Carle<br \/>Caversaccio<br \/>Celik<br \/>Christ<br \/>Christen<br \/>Cicek<br \/>C\u00f6mert<\/p>\t\t\t\t\t\t\t\t<\/div>\n\t\t\t\t<\/div>\n\t\t\t\t<div class=\"elementor-element elementor-element-51df9c7 elementor-widget elementor-widget-text-editor\" data-id=\"51df9c7\" data-element_type=\"widget\" data-e-type=\"widget\" data-widget_type=\"text-editor.default\">\n\t\t\t\t<div class=\"elementor-widget-container\">\n\t\t\t\t\t\t\t\t\t<p>De la Rosa Hernandez<br \/>Deubelbeiss<br \/>Di Bernardo<br \/>Di Gloria<br \/>Dietrich<br \/>Dobler<br \/>Eggenschwiler Egner<br \/>Farhadi<br \/><a href=\"http:\/\/buergergemeinde-balsthal.ch\/wp\/?page_id=123\">Favaro<\/a><br \/>Fekete<br \/>Felberbaum<br \/>Finco<br \/>Finiger<br \/>Flad<br \/>Fluri<br \/>Flury<br \/>Francz<br \/>Frepp<\/p>\t\t\t\t\t\t\t\t<\/div>\n\t\t\t\t<\/div>\n\t\t\t\t<div class=\"elementor-element elementor-element-7345b4f elementor-widget elementor-widget-text-editor\" data-id=\"7345b4f\" data-element_type=\"widget\" data-e-type=\"widget\" data-widget_type=\"text-editor.default\">\n\t\t\t\t<div class=\"elementor-widget-container\">\n\t\t\t\t\t\t\t\t\t<p>G\u00e4ber<br \/>Galasse<br \/>Gelmi<br \/>Gorgo<br \/>G\u00f6tz<br \/>Grolamont<br \/>Grolimund<br \/>Gruosso<br \/>Guagenti<br \/>Hachenberg<br \/>Hafner<br \/>Hammer<br \/>Hattler<br \/>Hauser<br \/>Heutschi<br \/>Hoborka<br \/>Hoenner<br \/>Hoeri<br \/>Hofacker<br \/>Hussein<br \/>Hutter<\/p>\t\t\t\t\t\t\t\t<\/div>\n\t\t\t\t<\/div>\n\t\t\t\t<div class=\"elementor-element elementor-element-d97ecef elementor-widget elementor-widget-text-editor\" data-id=\"d97ecef\" data-element_type=\"widget\" data-e-type=\"widget\" data-widget_type=\"text-editor.default\">\n\t\t\t\t<div class=\"elementor-widget-container\">\n\t\t\t\t\t\t\t\t\t<p>J\u00e4ggi<br \/>Junker<br \/>Kalmaz<br \/>Kamber<br \/>Kaufmann<br \/>Kaya<br \/>Kemmer<br \/>Kiefer<br \/>Kinzelbach<br \/>Kissling<br \/>K\u00f6beli<br \/>Kolibal<br \/>Kr\u00e4tzig<br \/>K\u00fcng<br \/>Kurt<br \/>Lang<br \/>Lanz<br \/>Leber<br \/>Lederer<\/p>\t\t\t\t\t\t\t\t<\/div>\n\t\t\t\t<\/div>\n\t\t\t\t<div class=\"elementor-element elementor-element-212c4ce elementor-widget elementor-widget-text-editor\" data-id=\"212c4ce\" data-element_type=\"widget\" data-e-type=\"widget\" data-widget_type=\"text-editor.default\">\n\t\t\t\t<div class=\"elementor-widget-container\">\n\t\t\t\t\t\t\t\t\t<p>Martinello<br \/>Marwart<br \/>Meder<br \/>Meli<br \/>Mendi<br \/>Menna<br \/>Merkle<br \/>Meyenblust<br \/>Meyer<br \/>Mori<br \/>M\u00fcller<br \/>Naji<br \/>Nguyen<br \/>Nolfo<br \/>Notarangelo<br \/>Obersteiner<br \/>Oeigli<br \/>Okuyucu<\/p>\t\t\t\t\t\t\t\t<\/div>\n\t\t\t\t<\/div>\n\t\t\t\t<div class=\"elementor-element elementor-element-fe1d506 elementor-widget elementor-widget-text-editor\" data-id=\"fe1d506\" data-element_type=\"widget\" data-e-type=\"widget\" data-widget_type=\"text-editor.default\">\n\t\t\t\t<div class=\"elementor-widget-container\">\n\t\t\t\t\t\t\t\t\t<p>Paurevic<br \/>Pazzi<br \/>Pfluger<br \/>Platten<br \/>Probst<br \/>Quaglietta<br \/>Racciatti<br \/>Reinhardt<br \/>Riese<br \/>Robinschon<br \/>Rogg<br \/>R\u00f6merstalder<br \/>Rubitschung<br \/>R\u00fctti<\/p>\t\t\t\t\t\t\t\t<\/div>\n\t\t\t\t<\/div>\n\t\t\t\t<div class=\"elementor-element elementor-element-1edfd3f elementor-widget elementor-widget-text-editor\" data-id=\"1edfd3f\" data-element_type=\"widget\" data-e-type=\"widget\" data-widget_type=\"text-editor.default\">\n\t\t\t\t<div class=\"elementor-widget-container\">\n\t\t\t\t\t\t\t\t\t<p>Saler<br \/>S\u00e4ssli<br \/>Scacchi<br \/>Schad<br \/>Schilling<br \/>Schlapp<br \/>Schmidt<br \/>Schubert<br \/>Schulze<br \/>Scruzzi<br \/>Seltenmeyer<br \/>Seub<br \/>Siegert<br \/>Staudt<br \/>Stirn<br \/>Straumann<br \/>Strub<br \/>Stuber<br \/>Studer<br \/>Suter<\/p>\t\t\t\t\t\t\t\t<\/div>\n\t\t\t\t<\/div>\n\t\t\t\t<div class=\"elementor-element elementor-element-309ade7 elementor-widget elementor-widget-text-editor\" data-id=\"309ade7\" data-element_type=\"widget\" data-e-type=\"widget\" data-widget_type=\"text-editor.default\">\n\t\t\t\t<div class=\"elementor-widget-container\">\n\t\t\t\t\t\t\t\t\t<p>Torri<br \/>Trautmann Treu<br \/>Tschan<br \/>Uboldi<br \/>Uludag<br \/>van der Floe<br \/>Vogel<br \/>von Arx<br \/>von Burg<br \/>von Burg<br \/>von Wengen<br \/>Wagner<br \/>Wahlen<br \/>W\u00e4hrer<br \/>Walz<br \/>Weiss<br \/>Wildi<br \/>Winist\u00f6rfer<br \/>Wyss<br \/>Zeltner<\/p>\t\t\t\t\t\t\t\t<\/div>\n\t\t\t\t<\/div>\n\t\t\t\t\t<\/div>\n\t\t\t\t<\/div>\n\t\t<div class=\"elementor-element elementor-element-67dc67e7 e-flex e-con-boxed e-con e-parent\" data-id=\"67dc67e7\" data-element_type=\"container\" data-e-type=\"container\" data-settings=\"{&quot;background_background&quot;:&quot;classic&quot;}\">\n\t\t\t\t\t<div class=\"e-con-inner\">\n\t\t<div class=\"elementor-element elementor-element-34bed6e5 e-con-full e-flex e-con e-child\" data-id=\"34bed6e5\" data-element_type=\"container\" data-e-type=\"container\">\n\t\t\t\t<div class=\"elementor-element elementor-element-16818bc3 elementor-widget elementor-widget-image\" data-id=\"16818bc3\" data-element_type=\"widget\" data-e-type=\"widget\" data-widget_type=\"image.default\">\n\t\t\t\t<div class=\"elementor-widget-container\">\n\t\t\t\t\t\t\t\t\t\t\t\t\t\t\t\t<a href=\"https:\/\/wpmet.com\/plugin\/elementskit\/\">\n\t\t\t\t\t\t\t<img decoding=\"async\" width=\"300\" height=\"107\" src=\"https:\/\/buergergemeinde-balsthal.ch\/wp-content\/uploads\/2024\/11\/bg_logo_negativ.png\" class=\"attachment-full size-full wp-image-222\" alt=\"\" \/>\t\t\t\t\t\t\t\t<\/a>\n\t\t\t\t\t\t\t\t\t\t\t\t\t\t\t<\/div>\n\t\t\t\t<\/div>\n\t\t\t\t<\/div>\n\t\t<div class=\"elementor-element elementor-element-5bcb93c8 e-con-full e-flex e-con e-child\" data-id=\"5bcb93c8\" data-element_type=\"container\" data-e-type=\"container\">\n\t\t\t\t<div class=\"elementor-element elementor-element-40b5bed6 elementor-widget elementor-widget-heading\" data-id=\"40b5bed6\" data-element_type=\"widget\" data-e-type=\"widget\" data-widget_type=\"heading.default\">\n\t\t\t\t<div class=\"elementor-widget-container\">\n\t\t\t\t\t<h2 class=\"elementor-heading-title elementor-size-default\">SERVICE<\/h2>\t\t\t\t<\/div>\n\t\t\t\t<\/div>\n\t\t\t\t<div class=\"elementor-element elementor-element-720f0898 elementor-list-item-link-full_width elementor-widget elementor-widget-icon-list\" data-id=\"720f0898\" data-element_type=\"widget\" data-e-type=\"widget\" data-widget_type=\"icon-list.default\">\n\t\t\t\t<div class=\"elementor-widget-container\">\n\t\t\t\t\t\t\t<ul class=\"elementor-icon-list-items\">\n\t\t\t\t\t\t\t<li class=\"elementor-icon-list-item\">\n\t\t\t\t\t\t\t\t\t\t\t<a href=\"https:\/\/buergergemeinde-balsthal.ch\/index.php\/kontaktformular\/\">\n\n\t\t\t\t\t\t\t\t\t\t\t<span class=\"elementor-icon-list-text\">Kontaktformular<\/span>\n\t\t\t\t\t\t\t\t\t\t\t<\/a>\n\t\t\t\t\t\t\t\t\t<\/li>\n\t\t\t\t\t\t\t\t<li class=\"elementor-icon-list-item\">\n\t\t\t\t\t\t\t\t\t\t\t<a href=\"https:\/\/buergergemeinde-balsthal.ch\/index.php\/impressum\/\">\n\n\t\t\t\t\t\t\t\t\t\t\t<span class=\"elementor-icon-list-text\">Impressum<\/span>\n\t\t\t\t\t\t\t\t\t\t\t<\/a>\n\t\t\t\t\t\t\t\t\t<\/li>\n\t\t\t\t\t\t\t\t<li class=\"elementor-icon-list-item\">\n\t\t\t\t\t\t\t\t\t\t\t<a href=\"https:\/\/buergergemeinde-balsthal.ch\/index.php\/datenschutzerklaerung\/\">\n\n\t\t\t\t\t\t\t\t\t\t\t<span class=\"elementor-icon-list-text\">Datenschutzerkl\u00e4rung<\/span>\n\t\t\t\t\t\t\t\t\t\t\t<\/a>\n\t\t\t\t\t\t\t\t\t<\/li>\n\t\t\t\t\t\t\t\t<li class=\"elementor-icon-list-item\">\n\t\t\t\t\t\t\t\t\t\t\t<a href=\"https:\/\/buergergemeinde-balsthal.ch\/index.php\/downloads\/\">\n\n\t\t\t\t\t\t\t\t\t\t\t<span class=\"elementor-icon-list-text\">Dokumente<\/span>\n\t\t\t\t\t\t\t\t\t\t\t<\/a>\n\t\t\t\t\t\t\t\t\t<\/li>\n\t\t\t\t\t\t<\/ul>\n\t\t\t\t\t\t<\/div>\n\t\t\t\t<\/div>\n\t\t\t\t<\/div>\n\t\t<div class=\"elementor-element elementor-element-25997895 e-con-full e-flex e-con e-child\" data-id=\"25997895\" data-element_type=\"container\" data-e-type=\"container\">\n\t\t\t\t<div class=\"elementor-element elementor-element-44826fd elementor-widget elementor-widget-heading\" data-id=\"44826fd\" data-element_type=\"widget\" data-e-type=\"widget\" data-widget_type=\"heading.default\">\n\t\t\t\t<div class=\"elementor-widget-container\">\n\t\t\t\t\t<h2 class=\"elementor-heading-title elementor-size-default\">KONTAKT<\/h2>\t\t\t\t<\/div>\n\t\t\t\t<\/div>\n\t\t\t\t<div class=\"elementor-element elementor-element-56ec5e27 elementor-widget elementor-widget-text-editor\" data-id=\"56ec5e27\" data-element_type=\"widget\" data-e-type=\"widget\" data-widget_type=\"text-editor.default\">\n\t\t\t\t<div class=\"elementor-widget-container\">\n\t\t\t\t\t\t\t\t\t<div class=\"textwidget\"><p>B\u00fcrgergemeinde Balsthal<br \/>Falkensteinerstrasse 8<br \/>4710 Balsthal<\/p><p>info@buergergemeinde-balsthal.ch<\/p><\/div>\t\t\t\t\t\t\t\t<\/div>\n\t\t\t\t<\/div>\n\t\t\t\t<\/div>\n\t\t\t\t\t<\/div>\n\t\t\t\t<\/div>\n\t\t\t\t<section class=\"elementor-section elementor-top-section elementor-element elementor-element-31ff6bc1 elementor-section-boxed elementor-section-height-default elementor-section-height-default\" data-id=\"31ff6bc1\" data-element_type=\"section\" data-e-type=\"section\" data-settings=\"{&quot;background_background&quot;:&quot;classic&quot;}\">\n\t\t\t\t\t\t<div class=\"elementor-container elementor-column-gap-default\">\n\t\t\t\t\t<div class=\"elementor-column elementor-col-100 elementor-top-column elementor-element elementor-element-3effe36a\" data-id=\"3effe36a\" data-element_type=\"column\" data-e-type=\"column\">\n\t\t\t<div class=\"elementor-widget-wrap elementor-element-populated\">\n\t\t\t\t\t\t<div class=\"elementor-element elementor-element-15c827f elementor-widget elementor-widget-elementskit-heading\" data-id=\"15c827f\" data-element_type=\"widget\" data-e-type=\"widget\" data-widget_type=\"elementskit-heading.default\">\n\t\t\t\t<div class=\"elementor-widget-container\">\n\t\t\t\t\t<div class=\"ekit-wid-con\" ><div class=\"ekit-heading elementskit-section-title-wraper text_left   ekit_heading_tablet-   ekit_heading_mobile-text_center\"><p class=\"ekit-heading--title elementskit-section-title \">\u00a92024. B\u00fcrgergemeinde Balsthal. All Rights Reserved.<\/p><\/div><\/div>\t\t\t\t<\/div>\n\t\t\t\t<\/div>\n\t\t\t\t\t<\/div>\n\t\t<\/div>\n\t\t\t\t\t<\/div>\n\t\t<\/section>\n\t\t\t\t<\/div>\n\t\t","protected":false},"excerpt":{"rendered":"<p>Homepage Die B\u00fcrgergemeinde Das ist die BG Balsthal Mitglieder &#038; Kommissionen B\u00fcrgerwesen Einb\u00fcrgerung G\u00fcter &#038; Eigentum B\u00fcrgerhaus MFH Oberfeld Dienstleistungen Vermietungen Downloads Publikationen Allmend &#038; Forst Kontakt X B\u00fcrgerwesen Jeder Mensch hat grunds\u00e4tzlich ein Staatsb\u00fcrgerrecht. Im Gegensatz zu andern Nationen kennt die Schweiz zus\u00e4tzlich das Kantons- und das Ortsb\u00fcrgerrecht. Bis vor einigen Jahren hatte das [&hellip;]<\/p>\n","protected":false},"author":1,"featured_media":0,"parent":0,"menu_order":0,"comment_status":"closed","ping_status":"closed","template":"","meta":{"footnotes":""},"class_list":["post-368","page","type-page","status-publish","hentry"],"_links":{"self":[{"href":"https:\/\/buergergemeinde-balsthal.ch\/index.php\/wp-json\/wp\/v2\/pages\/368","targetHints":{"allow":["GET"]}}],"collection":[{"href":"https:\/\/buergergemeinde-balsthal.ch\/index.php\/wp-json\/wp\/v2\/pages"}],"about":[{"href":"https:\/\/buergergemeinde-balsthal.ch\/index.php\/wp-json\/wp\/v2\/types\/page"}],"author":[{"embeddable":true,"href":"https:\/\/buergergemeinde-balsthal.ch\/index.php\/wp-json\/wp\/v2\/users\/1"}],"replies":[{"embeddable":true,"href":"https:\/\/buergergemeinde-balsthal.ch\/index.php\/wp-json\/wp\/v2\/comments?post=368"}],"version-history":[{"count":0,"href":"https:\/\/buergergemeinde-balsthal.ch\/index.php\/wp-json\/wp\/v2\/pages\/368\/revisions"}],"wp:attachment":[{"href":"https:\/\/buergergemeinde-balsthal.ch\/index.php\/wp-json\/wp\/v2\/media?parent=368"}],"curies":[{"name":"wp","href":"https:\/\/api.w.org\/{rel}","templated":true}]}}